{"id":4458,"date":"2025-11-08T13:02:26","date_gmt":"2025-11-08T13:02:26","guid":{"rendered":"https:\/\/saffir.ma\/?post_type=product&#038;p=4458"},"modified":"2025-11-08T13:02:26","modified_gmt":"2025-11-08T13:02:26","slug":"creme-dalfour-originale-eclat-naturel-et-teint-unifie","status":"publish","type":"product","link":"https:\/\/saffir.ma\/fr\/produit\/creme-dalfour-originale-eclat-naturel-et-teint-unifie\/","title":{"rendered":"Cr\u00e8me Dalfour Originale   \u00c9clat Naturel et Teint Unifi\u00e9"},"content":{"rendered":"<p style=\"font-weight: 400;\">D\u00e9couvrez la\u00a0<strong data-start=\"918\" data-end=\"945\">Cr\u00e8me Dalfour Originale<\/strong>, un\u00a0<strong data-start=\"950\" data-end=\"973\">soin visage naturel<\/strong>\u00a0r\u00e9put\u00e9 pour\u00a0<strong data-start=\"986\" data-end=\"1008\">\u00e9claircir le teint<\/strong>,\u00a0<strong data-start=\"1010\" data-end=\"1039\">r\u00e9duire les taches brunes<\/strong>\u00a0et\u00a0<strong data-start=\"1043\" data-end=\"1062\">unifier la peau<\/strong>. Sa formule riche en\u00a0<strong data-start=\"1084\" data-end=\"1137\">extraits de fruits, vitamines et huiles v\u00e9g\u00e9tales<\/strong>\u00a0hydrate, nourrit et prot\u00e8ge la peau tout en lui redonnant\u00a0<strong data-start=\"1196\" data-end=\"1216\">\u00e9clat et douceur<\/strong>.<\/p>\n<p style=\"font-weight: 400;\" data-start=\"1221\" data-end=\"1278\">Cette\u00a0<strong data-start=\"1227\" data-end=\"1258\">cr\u00e8me \u00e9claircissante visage<\/strong>\u00a0est id\u00e9ale pour :<\/p>\n<ul>\n<li data-start=\"1281\" data-end=\"1333\">Att\u00e9nuer les<strong data-start=\"1294\" data-end=\"1317\">taches pigmentaires<\/strong>\u00a0et cicatrices<\/li>\n<li data-start=\"1336\" data-end=\"1369\">Unifier le<strong data-start=\"1347\" data-end=\"1367\">teint irr\u00e9gulier<\/strong><\/li>\n<li data-start=\"1372\" data-end=\"1415\">Nourrir les peaux<strong data-start=\"1390\" data-end=\"1413\">s\u00e8ches ou sensibles<\/strong><\/li>\n<li data-start=\"1418\" data-end=\"1461\">Retrouver une peau<strong data-start=\"1437\" data-end=\"1459\">douce et lumineuse<\/strong><\/li>\n<\/ul>\n<p style=\"font-weight: 400;\" data-start=\"1463\" data-end=\"1483\">\ud83d\udc9b\u00a0<strong data-start=\"1466\" data-end=\"1481\">Bienfaits :<\/strong><\/p>\n<ul>\n<li data-start=\"1486\" data-end=\"1530\">\u00c9claircit et unifie naturellement le teint<\/li>\n<li data-start=\"1533\" data-end=\"1576\">R\u00e9duit les taches brunes et imperfections<\/li>\n<li data-start=\"1579\" data-end=\"1623\">Hydrate et prot\u00e8ge la peau quotidiennement<\/li>\n<li data-start=\"1626\" data-end=\"1689\">Sans hydroquinone, ni cortisone, ni produits chimiques nocifs<\/li>\n<\/ul>\n<p style=\"font-weight: 400;\" data-start=\"1691\" data-end=\"1820\">\ud83c\udf3f\u00a0<strong data-start=\"1694\" data-end=\"1722\">Conseils d\u2019utilisation :<\/strong><br data-start=\"1722\" data-end=\"1725\" \/>Appliquer matin et soir sur une peau propre. Masser d\u00e9licatement jusqu\u2019\u00e0 absorption compl\u00e8te.<\/p>","protected":false},"excerpt":{"rendered":"<div>\n<p>La<span class=\"apple-converted-space\">\u00a0<\/span><strong data-start=\"280\" data-end=\"307\">Cr\u00e8me Dalfour Originale<\/strong><span class=\"apple-converted-space\">\u00a0<\/span>est un soin naturel pour<span class=\"apple-converted-space\">\u00a0<\/span><strong data-start=\"333\" data-end=\"354\">\u00e9claircir la peau<\/strong>,<span class=\"apple-converted-space\">\u00a0<\/span><strong data-start=\"356\" data-end=\"376\">unifier le teint<\/strong><span class=\"apple-converted-space\">\u00a0<\/span>et<span class=\"apple-converted-space\">\u00a0<\/span><strong data-start=\"380\" data-end=\"409\">r\u00e9duire les taches brunes<\/strong>. Enrichie en<span class=\"apple-converted-space\">\u00a0<\/span><strong data-start=\"423\" data-end=\"458\">vitamines et extraits de fruits<\/strong>, elle hydrate et nourrit la peau en douceur. Sans hydroquinone ni produits chimiques agressifs, elle laisse la peau<span class=\"apple-converted-space\">\u00a0<\/span><strong data-start=\"575\" data-end=\"608\">douce, lumineuse et \u00e9clatante<\/strong>. Id\u00e9ale pour<span class=\"apple-converted-space\">\u00a0<\/span><strong data-start=\"622\" data-end=\"639\">peau sensible<\/strong>,<span class=\"apple-converted-space\">\u00a0<\/span><strong data-start=\"641\" data-end=\"649\">acn\u00e9<\/strong>,<span class=\"apple-converted-space\">\u00a0<\/span><strong data-start=\"651\" data-end=\"665\">cicatrices<\/strong>, ou<span class=\"apple-converted-space\">\u00a0<\/span><strong data-start=\"670\" data-end=\"690\">teint irr\u00e9gulier<\/strong>.<\/p>\n<\/div>","protected":false},"featured_media":4460,"comment_status":"open","ping_status":"closed","template":"","meta":{"_acf_changed":false,"content-type":""},"product_brand":[],"product_cat":[106,75],"product_tag":[],"class_list":{"0":"post-4458","1":"product","2":"type-product","3":"status-publish","4":"has-post-thumbnail","6":"product_cat-body-care","7":"product_cat-cosmitics","9":"first","10":"instock","11":"shipping-taxable","12":"purchasable","13":"product-type-simple"},"acf":[],"jetpack_sharing_enabled":true,"_links":{"self":[{"href":"https:\/\/saffir.ma\/fr\/wp-json\/wp\/v2\/product\/4458","targetHints":{"allow":["GET"]}}],"collection":[{"href":"https:\/\/saffir.ma\/fr\/wp-json\/wp\/v2\/product"}],"about":[{"href":"https:\/\/saffir.ma\/fr\/wp-json\/wp\/v2\/types\/product"}],"replies":[{"embeddable":true,"href":"https:\/\/saffir.ma\/fr\/wp-json\/wp\/v2\/comments?post=4458"}],"wp:featuredmedia":[{"embeddable":true,"href":"https:\/\/saffir.ma\/fr\/wp-json\/wp\/v2\/media\/4460"}],"wp:attachment":[{"href":"https:\/\/saffir.ma\/fr\/wp-json\/wp\/v2\/media?parent=4458"}],"wp:term":[{"taxonomy":"product_brand","embeddable":true,"href":"https:\/\/saffir.ma\/fr\/wp-json\/wp\/v2\/product_brand?post=4458"},{"taxonomy":"product_cat","embeddable":true,"href":"https:\/\/saffir.ma\/fr\/wp-json\/wp\/v2\/product_cat?post=4458"},{"taxonomy":"product_tag","embeddable":true,"href":"https:\/\/saffir.ma\/fr\/wp-json\/wp\/v2\/product_tag?post=4458"}],"curies":[{"name":"wp","href":"https:\/\/api.w.org\/{rel}","templated":true}]}}