{"id":5302,"date":"2026-01-18T20:46:35","date_gmt":"2026-01-18T20:46:35","guid":{"rendered":"https:\/\/saffir.ma\/?post_type=product&#038;p=5302"},"modified":"2026-01-20T20:10:06","modified_gmt":"2026-01-20T20:10:06","slug":"parfum-avant-noir-100-ml-al-hambra","status":"publish","type":"product","link":"https:\/\/saffir.ma\/fr\/produit\/parfum-avant-noir-100-ml-al-hambra\/","title":{"rendered":"PARFUM AVANT NOIR 100 ML AL HAMBRA"},"content":{"rendered":"<p data-start=\"1361\" data-end=\"1766\">Le <strong data-start=\"1364\" data-end=\"1406\">Parfum <em data-start=\"1373\" data-end=\"1385\">Avant Noir<\/em> \u2013 Maison Al Hambra<\/strong> est une eau de parfum <strong data-start=\"1429\" data-end=\"1460\">masculine aromatique-bois\u00e9e<\/strong> qui incarne \u00e0 la fois <strong data-start=\"1483\" data-end=\"1526\">fra\u00eecheur, sophistication et profondeur<\/strong>. D\u00e8s les premi\u00e8res notes, l\u2019association vibrante de <strong data-start=\"1579\" data-end=\"1605\">bergamote et de citron<\/strong> avec des <strong data-start=\"1615\" data-end=\"1633\">nuances vertes<\/strong> cr\u00e9e une ouverture <strong data-start=\"1653\" data-end=\"1679\">dynamique et \u00e9nergique<\/strong>, id\u00e9ale pour attirer l\u2019attention avec subtilit\u00e9.<\/p>\n<p data-start=\"1768\" data-end=\"2031\">Le <strong data-start=\"1771\" data-end=\"1790\">c\u0153ur aromatique<\/strong> r\u00e9v\u00e8le un m\u00e9lange \u00e9pic\u00e9 et structur\u00e9 o\u00f9 le <strong data-start=\"1834\" data-end=\"1849\">poivre noir<\/strong> rencontre la d\u00e9licatesse du <strong data-start=\"1878\" data-end=\"1888\">jasmin<\/strong> et la fra\u00eecheur de la <strong data-start=\"1911\" data-end=\"1922\">lavande<\/strong>, conf\u00e9rant \u00e0 la fragrance une \u00e9l\u00e9gance raffin\u00e9e et une touche moderne.<\/p>\n<p data-start=\"2033\" data-end=\"2308\">En fond, les <strong data-start=\"2046\" data-end=\"2090\">notes bois\u00e9es de patchouli et de v\u00e9tiver<\/strong> s\u2019entrelacent avec le <strong data-start=\"2113\" data-end=\"2121\">musc<\/strong> pour offrir une <strong data-start=\"2138\" data-end=\"2176\">base chaude, profonde et sensuelle<\/strong>, qui garantit une <strong data-start=\"2195\" data-end=\"2212\">tenue durable<\/strong> et un <strong data-start=\"2219\" data-end=\"2242\">sillage sophistiqu\u00e9<\/strong> sans \u00eatre trop envahissant.<\/p>\n<p data-start=\"2310\" data-end=\"2571\">Ce parfum \u00e9voque une sensation de <strong data-start=\"2344\" data-end=\"2372\">confiance et de contr\u00f4le<\/strong>, parfait pour l\u2019homme qui veut une signature olfactive \u00e0 la fois fra\u00eeche et \u00e9l\u00e9gante, adapt\u00e9e aussi bien aux journ\u00e9es professionnelles qu\u2019aux soir\u00e9es \u00e9l\u00e9gantes.<\/p>","protected":false},"excerpt":{"rendered":"<p data-start=\"267\" data-end=\"583\">Un parfum <strong data-start=\"277\" data-end=\"316\">masculin chic, frais et sophistiqu\u00e9<\/strong>, con\u00e7u pour l\u2019homme moderne qui recherche une fragrance <strong data-start=\"373\" data-end=\"398\">\u00e9l\u00e9gante et versatile<\/strong>. <em data-start=\"400\" data-end=\"412\">Avant Noir<\/em> s\u2019adapte aussi bien au quotidien qu\u2019aux moments plus raffin\u00e9s, avec un style olfactif qui \u00e9voque <strong data-start=\"510\" data-end=\"544\">confiance, dynamisme et charme<\/strong>.<\/p>\n<p data-start=\"625\" data-end=\"854\">Une fragrance <strong data-start=\"639\" data-end=\"660\">aromatique bois\u00e9e<\/strong> combinant fra\u00eecheur d\u2019agrumes et notes vertes, c\u0153ur \u00e9pic\u00e9 aromatique, et fond bois\u00e9 profond \u2014 une signature sophistiqu\u00e9e, id\u00e9ale pour l\u2019homme contemporain.<\/p>\n<h3 data-start=\"861\" data-end=\"898\"><strong data-start=\"865\" data-end=\"896\">Notes olfactives confirm\u00e9es<\/strong><\/h3>\n<ul data-start=\"899\" data-end=\"1317\">\n<li data-start=\"899\" data-end=\"1042\">\n<p data-start=\"901\" data-end=\"1042\"><strong data-start=\"901\" data-end=\"920\">Notes de t\u00eate :<\/strong> Bergamote, Citron, Notes vertes \u2014 une ouverture fra\u00eeche, vivifiante et \u00e9nergique.<\/p>\n<\/li>\n<li data-start=\"1043\" data-end=\"1172\">\n<p data-start=\"1045\" data-end=\"1172\"><strong data-start=\"1045\" data-end=\"1064\">Notes de c\u0153ur :<\/strong> Poivre noir, Jasmin, Lavande \u2014 c\u0153ur aromatique, \u00e9pic\u00e9 et \u00e9quilibr\u00e9.<\/p>\n<\/li>\n<li data-start=\"1173\" data-end=\"1317\">\n<p data-start=\"1175\" data-end=\"1317\"><strong data-start=\"1175\" data-end=\"1194\">Notes de fond :<\/strong> Patchouli, V\u00e9tiver, Musc \u2014 fond bois\u00e9 sensuel et durable pour une pr\u00e9sence \u00e9l\u00e9gante.<\/p>\n<\/li>\n<\/ul>","protected":false},"featured_media":5351,"comment_status":"open","ping_status":"closed","template":"","meta":{"_acf_changed":false,"content-type":""},"product_brand":[],"product_cat":[78,114],"product_tag":[],"class_list":{"0":"post-5302","1":"product","2":"type-product","3":"status-publish","4":"has-post-thumbnail","6":"product_cat-parfums","7":"product_cat-for-men","9":"first","10":"instock","11":"shipping-taxable","12":"purchasable","13":"product-type-simple"},"acf":[],"jetpack_sharing_enabled":true,"_links":{"self":[{"href":"https:\/\/saffir.ma\/fr\/wp-json\/wp\/v2\/product\/5302","targetHints":{"allow":["GET"]}}],"collection":[{"href":"https:\/\/saffir.ma\/fr\/wp-json\/wp\/v2\/product"}],"about":[{"href":"https:\/\/saffir.ma\/fr\/wp-json\/wp\/v2\/types\/product"}],"replies":[{"embeddable":true,"href":"https:\/\/saffir.ma\/fr\/wp-json\/wp\/v2\/comments?post=5302"}],"wp:featuredmedia":[{"embeddable":true,"href":"https:\/\/saffir.ma\/fr\/wp-json\/wp\/v2\/media\/5351"}],"wp:attachment":[{"href":"https:\/\/saffir.ma\/fr\/wp-json\/wp\/v2\/media?parent=5302"}],"wp:term":[{"taxonomy":"product_brand","embeddable":true,"href":"https:\/\/saffir.ma\/fr\/wp-json\/wp\/v2\/product_brand?post=5302"},{"taxonomy":"product_cat","embeddable":true,"href":"https:\/\/saffir.ma\/fr\/wp-json\/wp\/v2\/product_cat?post=5302"},{"taxonomy":"product_tag","embeddable":true,"href":"https:\/\/saffir.ma\/fr\/wp-json\/wp\/v2\/product_tag?post=5302"}],"curies":[{"name":"wp","href":"https:\/\/api.w.org\/{rel}","templated":true}]}}